{"id":739,"date":"2020-04-06T10:40:42","date_gmt":"2020-04-06T10:40:42","guid":{"rendered":"http:\/\/mariagorosarri.com\/feminism\/"},"modified":"2022-02-13T16:41:50","modified_gmt":"2022-02-13T16:41:50","slug":"feminism","status":"publish","type":"page","link":"http:\/\/mariagorosarri.com\/en\/feminism\/","title":{"rendered":"Feminism"},"content":{"rendered":"\t\t<div data-elementor-type=\"wp-page\" data-elementor-id=\"739\" class=\"elementor elementor-739\">\n\t\t\t\t\t\t\t\t\t<section class=\"elementor-section elementor-top-section elementor-element elementor-element-59d847d elementor-section-boxed elementor-section-height-default elementor-section-height-default\" data-id=\"59d847d\" data-element_type=\"section\">\n\t\t\t\t\t\t<div class=\"elementor-container elementor-column-gap-default\">\n\t\t\t\t\t<div class=\"elementor-column elementor-col-100 elementor-top-column elementor-element elementor-element-c2fa735\" data-id=\"c2fa735\" data-element_type=\"column\">\n\t\t\t<div class=\"elementor-widget-wrap elementor-element-populated\">\n\t\t\t\t\t\t\t\t<div class=\"elementor-element elementor-element-014b3f9 elementor-widget elementor-widget-heading\" data-id=\"014b3f9\" data-element_type=\"widget\" data-widget_type=\"heading.default\">\n\t\t\t\t<div class=\"elementor-widget-container\">\n\t\t\t<h2 class=\"elementor-heading-title elementor-size-default\">Theory and social movement<\/h2>\t\t<\/div>\n\t\t\t\t<\/div>\n\t\t\t\t\t<\/div>\n\t\t<\/div>\n\t\t\t\t\t\t\t<\/div>\n\t\t<\/section>\n\t\t\t\t<section class=\"elementor-section elementor-top-section elementor-element elementor-element-2bbed54 elementor-section-boxed elementor-section-height-default elementor-section-height-default\" data-id=\"2bbed54\" data-element_type=\"section\">\n\t\t\t\t\t\t<div class=\"elementor-container elementor-column-gap-default\">\n\t\t\t\t\t<div class=\"elementor-column elementor-col-25 elementor-top-column elementor-element elementor-element-4c862ff\" data-id=\"4c862ff\" data-element_type=\"column\">\n\t\t\t<div class=\"elementor-widget-wrap elementor-element-populated\">\n\t\t\t\t\t\t\t\t<div class=\"elementor-element elementor-element-6377493 elementor-widget elementor-widget-text-editor\" data-id=\"6377493\" data-element_type=\"widget\" data-widget_type=\"text-editor.default\">\n\t\t\t\t<div class=\"elementor-widget-container\">\n\t\t\t\t\t\t\t<p>GOROSARRI, Maria (2021). <em><span style=\"color: #008000;\"><a style=\"color: #008000;\" href=\"https:\/\/www.elkar.eus\/es\/liburu_fitxa\/contra-la-banalizacion-del-feminismo\/gorosarri-gonzalez-maria\/9788471486721\">Contra la banalizaci\u00f3n del feminismo<\/a><\/span>.<\/em>Donostia: Txertoa (Elkar).<\/p>\n<ul>\n<li style=\"list-style-type: none;\">\n<ul>\n<li style=\"list-style-type: none;\">\n<ul>\n<li> <\/li>\n<\/ul>\n<\/li>\n<\/ul>\n<\/li>\n<\/ul>\n\t\t\t\t\t\t<\/div>\n\t\t\t\t<\/div>\n\t\t\t\t\t<\/div>\n\t\t<\/div>\n\t\t\t\t<div class=\"elementor-column elementor-col-25 elementor-top-column elementor-element elementor-element-d1b09a5\" data-id=\"d1b09a5\" data-element_type=\"column\">\n\t\t\t<div class=\"elementor-widget-wrap elementor-element-populated\">\n\t\t\t\t\t\t\t\t<div class=\"elementor-element elementor-element-f73b281 elementor-widget elementor-widget-image\" data-id=\"f73b281\" data-element_type=\"widget\" data-widget_type=\"image.default\">\n\t\t\t\t<div class=\"elementor-widget-container\">\n\t\t\t\t\t\t\t\t\t\t\t\t\t\t\t<img decoding=\"async\" loading=\"lazy\" width=\"215\" height=\"300\" src=\"http:\/\/mariagorosarri.com\/wp-content\/uploads\/2021\/10\/Gorosarri-Contra-la-banalizacion-del-feminismo-2021-215x300.jpg\" class=\"attachment-medium size-medium wp-image-1505\" alt=\"\" srcset=\"http:\/\/mariagorosarri.com\/wp-content\/uploads\/2021\/10\/Gorosarri-Contra-la-banalizacion-del-feminismo-2021-215x300.jpg 215w, http:\/\/mariagorosarri.com\/wp-content\/uploads\/2021\/10\/Gorosarri-Contra-la-banalizacion-del-feminismo-2021-700x979.jpg 700w, http:\/\/mariagorosarri.com\/wp-content\/uploads\/2021\/10\/Gorosarri-Contra-la-banalizacion-del-feminismo-2021-768x1074.jpg 768w, http:\/\/mariagorosarri.com\/wp-content\/uploads\/2021\/10\/Gorosarri-Contra-la-banalizacion-del-feminismo-2021.jpg 828w\" sizes=\"(max-width: 215px) 100vw, 215px\" \/>\t\t\t\t\t\t\t\t\t\t\t\t\t\t\t<\/div>\n\t\t\t\t<\/div>\n\t\t\t\t\t<\/div>\n\t\t<\/div>\n\t\t\t\t<div class=\"elementor-column elementor-col-25 elementor-top-column elementor-element elementor-element-1658c57\" data-id=\"1658c57\" data-element_type=\"column\">\n\t\t\t<div class=\"elementor-widget-wrap elementor-element-populated\">\n\t\t\t\t\t\t\t\t<div class=\"elementor-element elementor-element-c9f366b elementor-widget elementor-widget-image\" data-id=\"c9f366b\" data-element_type=\"widget\" data-widget_type=\"image.default\">\n\t\t\t\t<div class=\"elementor-widget-container\">\n\t\t\t\t\t\t\t\t\t\t\t\t\t\t\t<img decoding=\"async\" loading=\"lazy\" width=\"700\" height=\"818\" src=\"http:\/\/mariagorosarri.com\/wp-content\/uploads\/2021\/11\/Aurkibidea-01-700x818.jpg\" class=\"attachment-large size-large wp-image-1528\" alt=\"\" srcset=\"http:\/\/mariagorosarri.com\/wp-content\/uploads\/2021\/11\/Aurkibidea-01-700x818.jpg 700w, http:\/\/mariagorosarri.com\/wp-content\/uploads\/2021\/11\/Aurkibidea-01-257x300.jpg 257w, http:\/\/mariagorosarri.com\/wp-content\/uploads\/2021\/11\/Aurkibidea-01-768x897.jpg 768w, http:\/\/mariagorosarri.com\/wp-content\/uploads\/2021\/11\/Aurkibidea-01.jpg 969w\" sizes=\"(max-width: 700px) 100vw, 700px\" \/>\t\t\t\t\t\t\t\t\t\t\t\t\t\t\t<\/div>\n\t\t\t\t<\/div>\n\t\t\t\t\t<\/div>\n\t\t<\/div>\n\t\t\t\t<div class=\"elementor-column elementor-col-25 elementor-top-column elementor-element elementor-element-3f8effa\" data-id=\"3f8effa\" data-element_type=\"column\">\n\t\t\t<div class=\"elementor-widget-wrap elementor-element-populated\">\n\t\t\t\t\t\t\t\t<div class=\"elementor-element elementor-element-00893e1 elementor-widget elementor-widget-image\" data-id=\"00893e1\" data-element_type=\"widget\" data-widget_type=\"image.default\">\n\t\t\t\t<div class=\"elementor-widget-container\">\n\t\t\t\t\t\t\t\t\t\t\t\t\t\t\t<img decoding=\"async\" loading=\"lazy\" width=\"700\" height=\"452\" src=\"http:\/\/mariagorosarri.com\/wp-content\/uploads\/2021\/11\/Aurkibidea-02-700x452.jpg\" class=\"attachment-large size-large wp-image-1531\" alt=\"\" srcset=\"http:\/\/mariagorosarri.com\/wp-content\/uploads\/2021\/11\/Aurkibidea-02-700x452.jpg 700w, http:\/\/mariagorosarri.com\/wp-content\/uploads\/2021\/11\/Aurkibidea-02-300x194.jpg 300w, http:\/\/mariagorosarri.com\/wp-content\/uploads\/2021\/11\/Aurkibidea-02-768x496.jpg 768w, http:\/\/mariagorosarri.com\/wp-content\/uploads\/2021\/11\/Aurkibidea-02.jpg 953w\" sizes=\"(max-width: 700px) 100vw, 700px\" \/>\t\t\t\t\t\t\t\t\t\t\t\t\t\t\t<\/div>\n\t\t\t\t<\/div>\n\t\t\t\t\t<\/div>\n\t\t<\/div>\n\t\t\t\t\t\t\t<\/div>\n\t\t<\/section>\n\t\t\t\t<section class=\"elementor-section elementor-top-section elementor-element elementor-element-da71e27 elementor-section-boxed elementor-section-height-default elementor-section-height-default\" data-id=\"da71e27\" data-element_type=\"section\">\n\t\t\t\t\t\t<div class=\"elementor-container elementor-column-gap-default\">\n\t\t\t\t\t<div class=\"elementor-column elementor-col-50 elementor-top-column elementor-element elementor-element-ad7b348\" data-id=\"ad7b348\" data-element_type=\"column\">\n\t\t\t<div class=\"elementor-widget-wrap\">\n\t\t\t\t\t\t\t\t\t<\/div>\n\t\t<\/div>\n\t\t\t\t<div class=\"elementor-column elementor-col-50 elementor-top-column elementor-element elementor-element-898579d\" data-id=\"898579d\" data-element_type=\"column\">\n\t\t\t<div class=\"elementor-widget-wrap elementor-element-populated\">\n\t\t\t\t\t\t\t\t<div class=\"elementor-element elementor-element-a6db6ad elementor-widget elementor-widget-text-editor\" data-id=\"a6db6ad\" data-element_type=\"widget\" data-widget_type=\"text-editor.default\">\n\t\t\t\t<div class=\"elementor-widget-container\">\n\t\t\t\t\t\t\t<h3>Antifascism<\/h3>\n\t\t\t\t\t\t<\/div>\n\t\t\t\t<\/div>\n\t\t\t\t\t<\/div>\n\t\t<\/div>\n\t\t\t\t\t\t\t<\/div>\n\t\t<\/section>\n\t\t\t\t<section class=\"elementor-section elementor-top-section elementor-element elementor-element-a3f01b1 elementor-section-boxed elementor-section-height-default elementor-section-height-default\" data-id=\"a3f01b1\" data-element_type=\"section\">\n\t\t\t\t\t\t<div class=\"elementor-container elementor-column-gap-default\">\n\t\t\t\t\t<div class=\"elementor-column elementor-col-50 elementor-top-column elementor-element elementor-element-04e4b16\" data-id=\"04e4b16\" data-element_type=\"column\">\n\t\t\t<div class=\"elementor-widget-wrap\">\n\t\t\t\t\t\t\t\t\t<\/div>\n\t\t<\/div>\n\t\t\t\t<div class=\"elementor-column elementor-col-50 elementor-top-column elementor-element elementor-element-d63b35a\" data-id=\"d63b35a\" data-element_type=\"column\">\n\t\t\t<div class=\"elementor-widget-wrap elementor-element-populated\">\n\t\t\t\t\t\t\t\t<div class=\"elementor-element elementor-element-70ec21d elementor-widget elementor-widget-text-editor\" data-id=\"70ec21d\" data-element_type=\"widget\" data-widget_type=\"text-editor.default\">\n\t\t\t\t<div class=\"elementor-widget-container\">\n\t\t\t\t\t\t\t<p>GONZ\u00c1LEZ GOROSARRI, Maria (2018). Feminismo antifascista de la primera mitad del siglo XX [invited presentation].<span style=\"color: #4a772f;\"><a style=\"color: #4a772f;\" href=\"http:\/\/www.sestao.eus\/es-ES\/Eventos\/Documents\/20181106_feminista.pdf\">IX Jornadas &#8211; Lucha feminista<\/a><\/span>. November 2018, Sestao.<\/p>\n<p>GONZ\u00c1LEZ GOROSARRI, Maria (2016). <span style=\"color: #4a772f;\"><a style=\"color: #4a772f;\" href=\"http:\/\/multimedia.hegoa.ehu.es\/es\/videos\/75-feminismoa-eta-bakearen-eraikuntza-euskal-herrian-solasaldia-conversatorio\">Feminismoa eta bakearen eraikuntza Euskal Herrian<\/a><\/span>[invited presentation]. <em>Second Cycle of Conversations about Feminism and Resistance<\/em>. May 2016, Donostia &#8211; San Sebasti\u00e1n.<\/p>\n<p>GONZ\u00c1LEZ GOROSARRI, Maria (2012). Mujeres antifascistas (1931-1945). [invited presentation].<em>Jornadas sobre<span style=\"color: #4a772f;\"><a style=\"color: #4a772f;\" href=\"https:\/\/www.bilbao.eus\/cs\/Satellite?c=BIO_Noticia_FA&amp;cid=1279119606368&amp;language=en&amp;pageid=3000005580&amp;pagename=Bilbaonet%2FBIO_Noticia_FA%2FBIO_Noticia\">Redefinici\u00f3n feminista de la guerra y de la paz<\/a><\/span><\/em>. May 2012, Bilbao.<\/p>\n<p>GONZ\u00c1LEZ GOROSARRI, Maria (2011).<span style=\"color: #4a772f;\"><a style=\"color: #4a772f;\" href=\"https:\/\/saladeprensa.usal.es\/filessp\/III%20Jornadas%20Mujeres%20Represaliadas%20recortado%5B1%5D.pdf\">La represi\u00f3n franquista contra las mujeres en el marco del fascismo europeo<\/a>.<\/span> <em>III Jornadas Memoria de Mujer \u2013 Represaliadas-en aurkeztua<\/em>. March 2011, Universidad de Salamanca.<\/p>\n<p>GONZ\u00c1LEZ GOROSARRI, Maria (2011).<span style=\"color: #4a772f;\"><a style=\"color: #4a772f;\" href=\"http:\/\/%E2%80%A2%20https:\/\/www.gerediaga.eus\/images\/astola\/astola05.pdf\" data-wplink-url-error=\"true\">Durangoko emakumeen kartzela<\/a>,<\/span> <em>Astola<\/em>, 28-39.<\/p>\n<p>GONZ\u00c1LEZ GOROSARRI, Maria (2010). <span style=\"color: #4a772f;\"><a style=\"color: #4a772f;\" href=\"https:\/\/issuu.com\/anukbi\/docs\/memoria_historica_iii\">Emakumeentzako kartzela frankistak Euskal Herrian<\/a><\/span> [invited presentation] (31-80 or.) in <em>III. Jornadas sobre Memoria Hist\u00f3rica de Sestao<\/em>. Sestao: Errepresaliatuak.<\/p>\n<p>GONZ\u00c1LEZ GOROSARRI, Maria; BARINAGA, Eduardo (2010). <span style=\"color: #4a772f;\"><a style=\"color: #4a772f;\" href=\"https:\/\/txertoa.eus\/es\/liburuak\/no-lloreis-lo-que-teneis-que-hacer-es-no-olvidarnos\/\"><em>No llor\u00e9is, lo que teneis que hacer es no olvidarnos: La c\u00e1rcel de Saturraran y la represi\u00f3n franquista contra las mujeres, a partir de testimonios de supervivientes<\/em><\/a>.<\/span>Donostia: Ttarttalo \u2013 Elkar. <span style=\"color: #4a772f;\"><a style=\"color: #4a772f;\" href=\"https:\/\/rebelion.org\/las-putas-monjas\/\">Review<\/a><\/span>(Mikel Arizaleta, <em>Rebeli\u00f3n<\/em>).<\/p>\n<p>GONZ\u00c1LEZ GOROSARRI, Maria (2007). <span style=\"color: #4a772f;\"><a style=\"color: #4a772f;\" href=\"https:\/\/www.durango-euskaraz.eus\/fitxategiak\/dokumentuak\/agenda\/martxoak-31-diptikoa.pdf\">Rosario Dinamitera<\/a><\/span>documentary film.<\/p>\n\t\t\t\t\t\t<\/div>\n\t\t\t\t<\/div>\n\t\t\t\t<div class=\"elementor-element elementor-element-174c2ac elementor-widget elementor-widget-video\" data-id=\"174c2ac\" data-element_type=\"widget\" data-settings=\"{&quot;youtube_url&quot;:&quot;https:\\\/\\\/www.youtube.com\\\/watch?v=u5GKBBuNucA&quot;,&quot;video_type&quot;:&quot;youtube&quot;,&quot;controls&quot;:&quot;yes&quot;}\" data-widget_type=\"video.default\">\n\t\t\t\t<div class=\"elementor-widget-container\">\n\t\t\t\t\t<div class=\"elementor-wrapper elementor-open-inline\">\n\t\t\t<div class=\"elementor-video\"><\/div>\t\t<\/div>\n\t\t\t\t<\/div>\n\t\t\t\t<\/div>\n\t\t\t\t\t<\/div>\n\t\t<\/div>\n\t\t\t\t\t\t\t<\/div>\n\t\t<\/section>\n\t\t\t\t<section class=\"elementor-section elementor-top-section elementor-element elementor-element-d01fbf1 elementor-section-boxed elementor-section-height-default elementor-section-height-default\" data-id=\"d01fbf1\" data-element_type=\"section\">\n\t\t\t\t\t\t<div class=\"elementor-container elementor-column-gap-default\">\n\t\t\t\t\t<div class=\"elementor-column elementor-col-50 elementor-top-column elementor-element elementor-element-8f2cdab\" data-id=\"8f2cdab\" data-element_type=\"column\">\n\t\t\t<div class=\"elementor-widget-wrap\">\n\t\t\t\t\t\t\t\t\t<\/div>\n\t\t<\/div>\n\t\t\t\t<div class=\"elementor-column elementor-col-50 elementor-top-column elementor-element elementor-element-4ca13a2\" data-id=\"4ca13a2\" data-element_type=\"column\">\n\t\t\t<div class=\"elementor-widget-wrap elementor-element-populated\">\n\t\t\t\t\t\t\t\t<div class=\"elementor-element elementor-element-1ba36ac elementor-widget elementor-widget-text-editor\" data-id=\"1ba36ac\" data-element_type=\"widget\" data-widget_type=\"text-editor.default\">\n\t\t\t\t<div class=\"elementor-widget-container\">\n\t\t\t\t\t\t\t<p>GOROSARRI, Maria; SAUVIAT, Luciole (2016).<span style=\"color: #4a772f;\"><a style=\"color: #4a772f;\" href=\"https:\/\/workersoftheworldjournal.files.wordpress.com\/2018\/05\/ww-8-final.pdf\">The Uneven Development Of (Mass) Strikes In France And Spain<\/a>.<\/span> <em>Workers of the World &#8211; International Journal on Strikes and Social Conflict<\/em>, 1(8), 39-55.<\/p>\n\t\t\t\t\t\t<\/div>\n\t\t\t\t<\/div>\n\t\t\t\t\t<\/div>\n\t\t<\/div>\n\t\t\t\t\t\t\t<\/div>\n\t\t<\/section>\n\t\t\t\t<section class=\"elementor-section elementor-top-section elementor-element elementor-element-ce7655a elementor-section-boxed elementor-section-height-default elementor-section-height-default\" data-id=\"ce7655a\" data-element_type=\"section\">\n\t\t\t\t\t\t<div class=\"elementor-container elementor-column-gap-default\">\n\t\t\t\t\t<div class=\"elementor-column elementor-col-100 elementor-top-column elementor-element elementor-element-1516986\" data-id=\"1516986\" data-element_type=\"column\">\n\t\t\t<div class=\"elementor-widget-wrap elementor-element-populated\">\n\t\t\t\t\t\t\t\t<div class=\"elementor-element elementor-element-973e69a elementor-widget elementor-widget-heading\" data-id=\"973e69a\" data-element_type=\"widget\" data-widget_type=\"heading.default\">\n\t\t\t\t<div class=\"elementor-widget-container\">\n\t\t\t<h2 class=\"elementor-heading-title elementor-size-default\">Non-sexist Journalism<\/h2>\t\t<\/div>\n\t\t\t\t<\/div>\n\t\t\t\t\t<\/div>\n\t\t<\/div>\n\t\t\t\t\t\t\t<\/div>\n\t\t<\/section>\n\t\t\t\t<section class=\"elementor-section elementor-top-section elementor-element elementor-element-ac3e4ec elementor-section-boxed elementor-section-height-default elementor-section-height-default\" data-id=\"ac3e4ec\" data-element_type=\"section\">\n\t\t\t\t\t\t<div class=\"elementor-container elementor-column-gap-default\">\n\t\t\t\t\t<div class=\"elementor-column elementor-col-50 elementor-top-column elementor-element elementor-element-f5b4d52\" data-id=\"f5b4d52\" data-element_type=\"column\">\n\t\t\t<div class=\"elementor-widget-wrap\">\n\t\t\t\t\t\t\t\t\t<\/div>\n\t\t<\/div>\n\t\t\t\t<div class=\"elementor-column elementor-col-50 elementor-top-column elementor-element elementor-element-e7aa504\" data-id=\"e7aa504\" data-element_type=\"column\">\n\t\t\t<div class=\"elementor-widget-wrap elementor-element-populated\">\n\t\t\t\t\t\t\t\t<div class=\"elementor-element elementor-element-87583c3 elementor-widget elementor-widget-text-editor\" data-id=\"87583c3\" data-element_type=\"widget\" data-widget_type=\"text-editor.default\">\n\t\t\t\t<div class=\"elementor-widget-container\">\n\t\t\t\t\t\t\t<h3>&#8216;Allegitis&#8217;<\/h3>\n\t\t\t\t\t\t<\/div>\n\t\t\t\t<\/div>\n\t\t\t\t\t<\/div>\n\t\t<\/div>\n\t\t\t\t\t\t\t<\/div>\n\t\t<\/section>\n\t\t\t\t<section class=\"elementor-section elementor-top-section elementor-element elementor-element-db6de05 elementor-section-boxed elementor-section-height-default elementor-section-height-default\" data-id=\"db6de05\" data-element_type=\"section\">\n\t\t\t\t\t\t<div class=\"elementor-container elementor-column-gap-default\">\n\t\t\t\t\t<div class=\"elementor-column elementor-col-50 elementor-top-column elementor-element elementor-element-d7f2345\" data-id=\"d7f2345\" data-element_type=\"column\">\n\t\t\t<div class=\"elementor-widget-wrap\">\n\t\t\t\t\t\t\t\t\t<\/div>\n\t\t<\/div>\n\t\t\t\t<div class=\"elementor-column elementor-col-50 elementor-top-column elementor-element elementor-element-2f77941\" data-id=\"2f77941\" data-element_type=\"column\">\n\t\t\t<div class=\"elementor-widget-wrap elementor-element-populated\">\n\t\t\t\t\t\t\t\t<div class=\"elementor-element elementor-element-8e67a58 elementor-widget elementor-widget-text-editor\" data-id=\"8e67a58\" data-element_type=\"widget\" data-widget_type=\"text-editor.default\">\n\t\t\t\t<div class=\"elementor-widget-container\">\n\t\t\t\t\t\t\t<p>GOROSARRI, Maria (2021).<span style=\"color: #008000;\"><a style=\"color: #008000;\" href=\"https:\/\/revistascientificas.uspceu.com\/doxacomunicacion\/article\/view\/798\/1443\"> Framing of gender-based violence: a comparative study of crime news with victims (1996-2016)<\/a><\/span> .<em> Doxa Communication<\/em> , 32, 75-94.<\/p>\n<p>GONZ\u00c1LEZ GOROSARRI, Maria (2018\/02\/09). <span style=\"color: #4a772f;\"><a style=\"color: #4a772f;\" href=\"http:\/\/www.klitto.eus\/ii-klittoriklik-maria-gonzalez-gorosarri\/\">\u00abUstezkokeriak\u00bb<\/a>.<\/span> \u2018Klittoriklik\u2019, <em>Klitto<\/em>.<\/p>\n<p>GONZ\u00c1LEZ GOROSARRI, Maria (2016\/05\/24). <span style=\"color: #4a772f;\"><a style=\"color: #4a772f;\" href=\"https:\/\/www.eldiario.es\/pikara\/Presuntitis-medios-denuncias-falsas_6_519408079.html\">\u00abPresuntitis\u00bb: Los medios y las denuncias falsas<\/a>.<\/span> \u2018+Pikara\u2019, <em>eldiario.es<\/em>.<\/p>\n<p>GONZ\u00c1LEZ GOROSARRI, Maria (2014\/09\/27). <span style=\"color: #4a772f;\"><a style=\"color: #4a772f;\" href=\"https:\/\/www.naiz.eus\/eu\/hemeroteca\/gaur8\/editions\/gaur8_2014-09-27-07-00\/hemeroteca_articles\/ustezkokeriak\">\u00abUstezkokeriak\u00bb<\/a>.<\/span> \u2018Gaur8\u2019, <em>Gara<\/em>.<\/p>\n<p>GONZ\u00c1LEZ GOROSARRI, Maria (2011\/11\/07). <span style=\"color: #4a772f;\"><a style=\"color: #4a772f;\" href=\"http:\/\/albistetan.blogspot.com\/2011\/11\/indarkeria-matxista-eta-objektibotasuna.html\">Indarkeria matxista eta objektibotasuna<\/a>.<\/span> Albistetan bloga.<\/p>\n<p>GONZ\u00c1LEZ GOROSARRI, Maria (2011). <span style=\"color: #4a772f;\"><a style=\"color: #4a772f;\" href=\"http:\/\/www.gazteaukera.euskadi.eus\/contenidos\/informacion\/jornadas_v_g_noviembre_11\/eu_jorn_vg\/adjuntos\/II.%20Mahai-Ingurua%20Prentsa%20idatzia%20eta%20irratia%20taldea.%20Mar%C3%ADa%20Gonz%C3%A1lez%20Gorosarri.pdf\">Objetividad<\/a><\/span>[invited presentation]. <em>V Jornadas de Igualdad: Violencia de g\u00e9nero y medios de comunicaci\u00f3n<\/em>. November 2011, Bilbao.<\/p>\n<p>@albistetan Twitter account (2011-2020).<\/p>\n\t\t\t\t\t\t<\/div>\n\t\t\t\t<\/div>\n\t\t\t\t\t<\/div>\n\t\t<\/div>\n\t\t\t\t\t\t\t<\/div>\n\t\t<\/section>\n\t\t\t\t<section class=\"elementor-section elementor-top-section elementor-element elementor-element-7b0475c elementor-section-boxed elementor-section-height-default elementor-section-height-default\" data-id=\"7b0475c\" data-element_type=\"section\">\n\t\t\t\t\t\t<div class=\"elementor-container elementor-column-gap-default\">\n\t\t\t\t\t<div class=\"elementor-column elementor-col-50 elementor-top-column elementor-element elementor-element-be45d17\" data-id=\"be45d17\" data-element_type=\"column\">\n\t\t\t<div class=\"elementor-widget-wrap\">\n\t\t\t\t\t\t\t\t\t<\/div>\n\t\t<\/div>\n\t\t\t\t<div class=\"elementor-column elementor-col-50 elementor-top-column elementor-element elementor-element-a125068\" data-id=\"a125068\" data-element_type=\"column\">\n\t\t\t<div class=\"elementor-widget-wrap elementor-element-populated\">\n\t\t\t\t\t\t\t\t<div class=\"elementor-element elementor-element-c83f982 elementor-widget elementor-widget-text-editor\" data-id=\"c83f982\" data-element_type=\"widget\" data-widget_type=\"text-editor.default\">\n\t\t\t\t<div class=\"elementor-widget-container\">\n\t\t\t\t\t\t\t<p>GONZ\u00c1LEZ GOROSARRI, Maria (2018).<span style=\"color: #4a772f;\"><a style=\"color: #4a772f;\" href=\"https:\/\/analisi.cat\/article\/view\/n58-gonzalez-gorosarri\">Calidad de las noticias y paridad informativa de protagonistas y fuentes<\/a>.<\/span> <em>An\u00e0lisi: Quaderns de Comunicaci\u00f3 i Cultura<\/em>, 58, 29-46.<\/p>\n<p>GONZ\u00c1LEZ GOROSARRI, Maria (2015).<span style=\"color: #4a772f;\"><a style=\"color: #4a772f;\" href=\"http:\/\/www.h-net.org\/reviews\/showrev.php?id=42416\">Review of Spreizer, Christa, ed., <em>Discovering Women&#8217;s History: German-Speaking Journalists (1900-1950)<\/em><\/a>.<\/span> H-Socialisms, H-Net Reviews. <\/p>\n<p><span style=\"color: #4a772f;\"><a style=\"color: #4a772f;\" href=\"http:\/\/albistetan.blogspot.com\/\">Albistetan<\/a><\/span> blog: \u201cI look for news on the net: Quality, Feminism, and Critical Theory\u201d (2011-2013).<\/p>\n\t\t\t\t\t\t<\/div>\n\t\t\t\t<\/div>\n\t\t\t\t\t<\/div>\n\t\t<\/div>\n\t\t\t\t\t\t\t<\/div>\n\t\t<\/section>\n\t\t\t\t\t\t\t<\/div>\n\t\t","protected":false},"excerpt":{"rendered":"<p>Theory and social movement GOROSARRI, Maria (2021). Contra la banalizaci\u00f3n del feminismo.Donostia: Txertoa (Elkar). Antifascism GONZ\u00c1LEZ GOROSARRI, Maria (2018). Feminismo antifascista de la primera mitad del siglo XX [invited presentation].IX Jornadas &#8211; Lucha feminista. November 2018, Sestao. GONZ\u00c1LEZ GOROSARRI, Maria (2016). Feminismoa eta bakearen eraikuntza Euskal Herrian[invited presentation]. Second Cycle of Conversations about Feminism and&hellip;&nbsp;<a href=\"http:\/\/mariagorosarri.com\/en\/feminism\/\" class=\"\" rel=\"bookmark\">Read More &raquo;<span class=\"screen-reader-text\">Feminism<\/span><\/a><\/p>\n","protected":false},"author":1,"featured_media":0,"parent":0,"menu_order":2,"comment_status":"closed","ping_status":"closed","template":"","meta":{"_mi_skip_tracking":false,"_monsterinsights_sitenote_active":false,"_monsterinsights_sitenote_note":"","_monsterinsights_sitenote_category":0,"neve_meta_sidebar":"full-width","neve_meta_container":"","neve_meta_enable_content_width":"on","neve_meta_content_width":100,"neve_meta_title_alignment":"","neve_meta_author_avatar":"","neve_post_elements_order":"","neve_meta_disable_header":"","neve_meta_disable_footer":"","neve_meta_disable_title":"","footnotes":""},"yoast_head":"<!-- This site is optimized with the Yoast SEO plugin v21.2 - https:\/\/yoast.com\/wordpress\/plugins\/seo\/ -->\n<title>Feminism - Maria Gorosarri - Metakazetaria<\/title>\n<meta name=\"robots\" content=\"index, follow, max-snippet:-1, max-image-preview:large, max-video-preview:-1\" \/>\n<link rel=\"canonical\" href=\"http:\/\/mariagorosarri.com\/en\/feminism\/\" \/>\n<meta property=\"og:locale\" content=\"en_US\" \/>\n<meta property=\"og:type\" content=\"article\" \/>\n<meta property=\"og:title\" content=\"Feminism - Maria Gorosarri - Metakazetaria\" \/>\n<meta property=\"og:description\" content=\"Theory and social movement GOROSARRI, Maria (2021). Contra la banalizaci\u00f3n del feminismo.Donostia: Txertoa (Elkar). Antifascism GONZ\u00c1LEZ GOROSARRI, Maria (2018). Feminismo antifascista de la primera mitad del siglo XX [invited presentation].IX Jornadas &#8211; Lucha feminista. November 2018, Sestao. GONZ\u00c1LEZ GOROSARRI, Maria (2016). Feminismoa eta bakearen eraikuntza Euskal Herrian[invited presentation]. Second Cycle of Conversations about Feminism and&hellip;&nbsp;Read More &raquo;Feminism\" \/>\n<meta property=\"og:url\" content=\"http:\/\/mariagorosarri.com\/en\/feminism\/\" \/>\n<meta property=\"og:site_name\" content=\"Maria Gorosarri - Metakazetaria\" \/>\n<meta property=\"article:modified_time\" content=\"2022-02-13T16:41:50+00:00\" \/>\n<meta property=\"og:image\" content=\"http:\/\/mariagorosarri.com\/wp-content\/uploads\/2021\/10\/Gorosarri-Contra-la-banalizacion-del-feminismo-2021-215x300.jpg\" \/>\n<meta name=\"twitter:card\" content=\"summary_large_image\" \/>\n<meta name=\"twitter:label1\" content=\"Est. reading time\" \/>\n\t<meta name=\"twitter:data1\" content=\"2 minutes\" \/>\n<script type=\"application\/ld+json\" class=\"yoast-schema-graph\">{\"@context\":\"https:\/\/schema.org\",\"@graph\":[{\"@type\":\"WebPage\",\"@id\":\"http:\/\/mariagorosarri.com\/en\/feminism\/\",\"url\":\"http:\/\/mariagorosarri.com\/en\/feminism\/\",\"name\":\"Feminism - Maria Gorosarri - Metakazetaria\",\"isPartOf\":{\"@id\":\"http:\/\/mariagorosarri.com\/#website\"},\"datePublished\":\"2020-04-06T10:40:42+00:00\",\"dateModified\":\"2022-02-13T16:41:50+00:00\",\"breadcrumb\":{\"@id\":\"http:\/\/mariagorosarri.com\/en\/feminism\/#breadcrumb\"},\"inLanguage\":\"en-US\",\"potentialAction\":[{\"@type\":\"ReadAction\",\"target\":[\"http:\/\/mariagorosarri.com\/en\/feminism\/\"]}]},{\"@type\":\"BreadcrumbList\",\"@id\":\"http:\/\/mariagorosarri.com\/en\/feminism\/#breadcrumb\",\"itemListElement\":[{\"@type\":\"ListItem\",\"position\":1,\"name\":\"Portada\",\"item\":\"https:\/\/mariagorosarri.com\/en\/\"},{\"@type\":\"ListItem\",\"position\":2,\"name\":\"Feminism\"}]},{\"@type\":\"WebSite\",\"@id\":\"http:\/\/mariagorosarri.com\/#website\",\"url\":\"http:\/\/mariagorosarri.com\/\",\"name\":\"Maria Gorosarri - Metakazetaria\",\"description\":\"Kazetaritza albiste izango da\",\"publisher\":{\"@id\":\"http:\/\/mariagorosarri.com\/#\/schema\/person\/10f576ea6112bb08d3411b78c9e360fb\"},\"potentialAction\":[{\"@type\":\"SearchAction\",\"target\":{\"@type\":\"EntryPoint\",\"urlTemplate\":\"http:\/\/mariagorosarri.com\/?s={search_term_string}\"},\"query-input\":\"required name=search_term_string\"}],\"inLanguage\":\"en-US\"},{\"@type\":[\"Person\",\"Organization\"],\"@id\":\"http:\/\/mariagorosarri.com\/#\/schema\/person\/10f576ea6112bb08d3411b78c9e360fb\",\"name\":\"1d63034b91\",\"image\":{\"@type\":\"ImageObject\",\"inLanguage\":\"en-US\",\"@id\":\"http:\/\/mariagorosarri.com\/#\/schema\/person\/image\/\",\"url\":\"http:\/\/1.gravatar.com\/avatar\/a6cad7335106d82f9b013ee9f7543ec0?s=96&d=identicon&r=g\",\"contentUrl\":\"http:\/\/1.gravatar.com\/avatar\/a6cad7335106d82f9b013ee9f7543ec0?s=96&d=identicon&r=g\",\"caption\":\"1d63034b91\"},\"logo\":{\"@id\":\"http:\/\/mariagorosarri.com\/#\/schema\/person\/image\/\"}}]}<\/script>\n<!-- \/ Yoast SEO plugin. -->","yoast_head_json":{"title":"Feminism - Maria Gorosarri - Metakazetaria","robots":{"index":"index","follow":"follow","max-snippet":"max-snippet:-1","max-image-preview":"max-image-preview:large","max-video-preview":"max-video-preview:-1"},"canonical":"http:\/\/mariagorosarri.com\/en\/feminism\/","og_locale":"en_US","og_type":"article","og_title":"Feminism - Maria Gorosarri - Metakazetaria","og_description":"Theory and social movement GOROSARRI, Maria (2021). Contra la banalizaci\u00f3n del feminismo.Donostia: Txertoa (Elkar). Antifascism GONZ\u00c1LEZ GOROSARRI, Maria (2018). Feminismo antifascista de la primera mitad del siglo XX [invited presentation].IX Jornadas &#8211; Lucha feminista. November 2018, Sestao. GONZ\u00c1LEZ GOROSARRI, Maria (2016). Feminismoa eta bakearen eraikuntza Euskal Herrian[invited presentation]. Second Cycle of Conversations about Feminism and&hellip;&nbsp;Read More &raquo;Feminism","og_url":"http:\/\/mariagorosarri.com\/en\/feminism\/","og_site_name":"Maria Gorosarri - Metakazetaria","article_modified_time":"2022-02-13T16:41:50+00:00","og_image":[{"url":"http:\/\/mariagorosarri.com\/wp-content\/uploads\/2021\/10\/Gorosarri-Contra-la-banalizacion-del-feminismo-2021-215x300.jpg"}],"twitter_card":"summary_large_image","twitter_misc":{"Est. reading time":"2 minutes"},"schema":{"@context":"https:\/\/schema.org","@graph":[{"@type":"WebPage","@id":"http:\/\/mariagorosarri.com\/en\/feminism\/","url":"http:\/\/mariagorosarri.com\/en\/feminism\/","name":"Feminism - Maria Gorosarri - Metakazetaria","isPartOf":{"@id":"http:\/\/mariagorosarri.com\/#website"},"datePublished":"2020-04-06T10:40:42+00:00","dateModified":"2022-02-13T16:41:50+00:00","breadcrumb":{"@id":"http:\/\/mariagorosarri.com\/en\/feminism\/#breadcrumb"},"inLanguage":"en-US","potentialAction":[{"@type":"ReadAction","target":["http:\/\/mariagorosarri.com\/en\/feminism\/"]}]},{"@type":"BreadcrumbList","@id":"http:\/\/mariagorosarri.com\/en\/feminism\/#breadcrumb","itemListElement":[{"@type":"ListItem","position":1,"name":"Portada","item":"https:\/\/mariagorosarri.com\/en\/"},{"@type":"ListItem","position":2,"name":"Feminism"}]},{"@type":"WebSite","@id":"http:\/\/mariagorosarri.com\/#website","url":"http:\/\/mariagorosarri.com\/","name":"Maria Gorosarri - Metakazetaria","description":"Kazetaritza albiste izango da","publisher":{"@id":"http:\/\/mariagorosarri.com\/#\/schema\/person\/10f576ea6112bb08d3411b78c9e360fb"},"potentialAction":[{"@type":"SearchAction","target":{"@type":"EntryPoint","urlTemplate":"http:\/\/mariagorosarri.com\/?s={search_term_string}"},"query-input":"required name=search_term_string"}],"inLanguage":"en-US"},{"@type":["Person","Organization"],"@id":"http:\/\/mariagorosarri.com\/#\/schema\/person\/10f576ea6112bb08d3411b78c9e360fb","name":"1d63034b91","image":{"@type":"ImageObject","inLanguage":"en-US","@id":"http:\/\/mariagorosarri.com\/#\/schema\/person\/image\/","url":"http:\/\/1.gravatar.com\/avatar\/a6cad7335106d82f9b013ee9f7543ec0?s=96&d=identicon&r=g","contentUrl":"http:\/\/1.gravatar.com\/avatar\/a6cad7335106d82f9b013ee9f7543ec0?s=96&d=identicon&r=g","caption":"1d63034b91"},"logo":{"@id":"http:\/\/mariagorosarri.com\/#\/schema\/person\/image\/"}}]}},"_links":{"self":[{"href":"http:\/\/mariagorosarri.com\/en\/wp-json\/wp\/v2\/pages\/739"}],"collection":[{"href":"http:\/\/mariagorosarri.com\/en\/wp-json\/wp\/v2\/pages"}],"about":[{"href":"http:\/\/mariagorosarri.com\/en\/wp-json\/wp\/v2\/types\/page"}],"author":[{"embeddable":true,"href":"http:\/\/mariagorosarri.com\/en\/wp-json\/wp\/v2\/users\/1"}],"replies":[{"embeddable":true,"href":"http:\/\/mariagorosarri.com\/en\/wp-json\/wp\/v2\/comments?post=739"}],"version-history":[{"count":76,"href":"http:\/\/mariagorosarri.com\/en\/wp-json\/wp\/v2\/pages\/739\/revisions"}],"predecessor-version":[{"id":1572,"href":"http:\/\/mariagorosarri.com\/en\/wp-json\/wp\/v2\/pages\/739\/revisions\/1572"}],"wp:attachment":[{"href":"http:\/\/mariagorosarri.com\/en\/wp-json\/wp\/v2\/media?parent=739"}],"curies":[{"name":"wp","href":"https:\/\/api.w.org\/{rel}","templated":true}]}}